{"id":239332,"date":"2019-12-02T19:20:10","date_gmt":"2019-12-02T18:20:10","guid":{"rendered":"https:\/\/awinvestment.eu\/privacy-policy\/"},"modified":"2025-12-19T11:21:15","modified_gmt":"2025-12-19T10:21:15","slug":"privacy-policy","status":"publish","type":"page","link":"https:\/\/awinvestment.eu\/de\/privacy-policy\/","title":{"rendered":"Privacy Policy"},"content":{"rendered":"<p>[et_pb_section fb_built=&#8220;1&#8243; admin_label=&#8220;Secci\u00f3n &#8211; Politica de Privacidad&#8220; _builder_version=&#8220;4.16&#8243; global_colors_info=&#8220;{}&#8220;][et_pb_row admin_label=&#8220;Fila&#8220; _builder_version=&#8220;4.16&#8243; background_size=&#8220;initial&#8220; background_position=&#8220;top_left&#8220; background_repeat=&#8220;repeat&#8220; global_colors_info=&#8220;{}&#8220;][et_pb_column type=&#8220;4_4&#8243; _builder_version=&#8220;4.16&#8243; custom_padding=&#8220;|||&#8220; global_colors_info=&#8220;{}&#8220; custom_padding__hover=&#8220;|||&#8220;][et_pb_cta title=&#8220;Privacy Policy&#8220; admin_label=&#8220;Texto %22Politica de Privacidad%22&#8243; _builder_version=&#8220;4.27.4&#8243; header_level=&#8220;h1&#8243; header_font=&#8220;Poppins||||||||&#8220; header_text_align=&#8220;left&#8220; header_text_color=&#8220;#000000&#8243; header_font_size=&#8220;39px&#8220; body_text_align=&#8220;left&#8220; body_text_color=&#8220;#000000&#8243; body_font_size=&#8220;15px&#8220; use_background_color=&#8220;off&#8220; text_orientation=&#8220;left&#8220; hover_enabled=&#8220;0&#8243; global_colors_info=&#8220;{}&#8220; sticky_enabled=&#8220;0&#8243;]<\/p>\n<p><strong>\u00a0<\/strong><\/p>\n<h2 data-start=\"176\" data-end=\"210\" style=\"text-align: justify;\"><span style=\"font-size: medium;\">1. INFORMATIONEN F\u00dcR DEN NUTZER<\/span><\/h2>\n<p data-start=\"212\" data-end=\"670\" style=\"text-align: justify;\">Alvarez-Wilmanski, S.L., nachfolgend der <strong data-start=\"253\" data-end=\"272\">VERANTWORTLICHE<\/strong>, ist Verantwortlicher f\u00fcr die Verarbeitung der personenbezogenen Daten des Nutzers und informiert dar\u00fcber, dass diese Daten gem\u00e4\u00df den Bestimmungen der <strong data-start=\"424\" data-end=\"479\">Verordnung (EU) 2016\/679 vom 27. April 2016 (DSGVO)<\/strong> zum Schutz nat\u00fcrlicher Personen bei der Verarbeitung personenbezogener Daten und zum freien Datenverkehr verarbeitet werden. In diesem Zusammenhang wird der Nutzer \u00fcber Folgendes informiert:<\/p>\n<p data-start=\"672\" data-end=\"807\" style=\"text-align: justify;\"><strong data-start=\"672\" data-end=\"699\">Zweck der Verarbeitung:<\/strong> Aufrechterhaltung einer Gesch\u00e4ftsbeziehung mit dem Nutzer. Die vorgesehenen Verarbeitungsvorg\u00e4nge umfassen:<\/p>\n<ul data-start=\"809\" data-end=\"1562\" style=\"text-align: justify;\">\n<li data-start=\"809\" data-end=\"1330\">\n<p data-start=\"811\" data-end=\"1330\">Versand von kommerziellen Werbemitteilungen per E-Mail, Fax, SMS, MMS, soziale Netzwerke oder andere elektronische oder physische Medien, gegenw\u00e4rtige oder zuk\u00fcnftige, die kommerzielle Kommunikation erm\u00f6glichen. Diese Mitteilungen werden vom VERANTWORTLICHEN durchgef\u00fchrt und beziehen sich auf dessen Produkte und Dienstleistungen oder auf die seiner Kooperationspartner oder Lieferanten, mit denen entsprechende Werbevereinbarungen bestehen. In diesen F\u00e4llen erhalten Dritte keinen Zugang zu personenbezogenen Daten.<\/p>\n<\/li>\n<li data-start=\"1331\" data-end=\"1375\">\n<p data-start=\"1333\" data-end=\"1375\">Durchf\u00fchrung statistischer Auswertungen.<\/p>\n<\/li>\n<li data-start=\"1376\" data-end=\"1523\">\n<p data-start=\"1378\" data-end=\"1523\">Bearbeitung von Auftr\u00e4gen, Anfragen oder sonstigen Anliegen, die der Nutzer \u00fcber die zur Verf\u00fcgung gestellten Kontaktm\u00f6glichkeiten \u00fcbermittelt.<\/p>\n<\/li>\n<li data-start=\"1524\" data-end=\"1562\">\n<p data-start=\"1526\" data-end=\"1562\">Versand des Newsletters der Website.<\/p>\n<\/li>\n<\/ul>\n<p data-start=\"1564\" data-end=\"1936\" style=\"text-align: justify;\"><strong data-start=\"1564\" data-end=\"1591\">Aufbewahrungskriterien:<\/strong> Die Daten werden so lange gespeichert, wie ein beiderseitiges Interesse an der Aufrechterhaltung des Verarbeitungszwecks besteht. Sobald sie f\u00fcr diesen Zweck nicht mehr erforderlich sind, werden sie unter Anwendung geeigneter Sicherheitsma\u00dfnahmen gel\u00f6scht, um eine Pseudonymisierung oder die vollst\u00e4ndige Vernichtung der Daten zu gew\u00e4hrleisten.<\/p>\n<p data-start=\"1938\" data-end=\"2070\" style=\"text-align: justify;\"><strong data-start=\"1938\" data-end=\"1963\">Weitergabe von Daten:<\/strong> Eine Weitergabe der Daten an Dritte erfolgt nicht, es sei denn, es besteht eine gesetzliche Verpflichtung.<\/p>\n<p data-start=\"2072\" data-end=\"2095\" style=\"text-align: justify;\"><strong data-start=\"2072\" data-end=\"2095\">Rechte des Nutzers:<\/strong><\/p>\n<ul data-start=\"2097\" data-end=\"2470\" style=\"text-align: justify;\">\n<li data-start=\"2097\" data-end=\"2147\">\n<p data-start=\"2099\" data-end=\"2147\">Recht auf Widerruf der Einwilligung jederzeit.<\/p>\n<\/li>\n<li data-start=\"2148\" data-end=\"2299\">\n<p data-start=\"2150\" data-end=\"2299\">Recht auf Auskunft, Berichtigung, Daten\u00fcbertragbarkeit und L\u00f6schung seiner Daten sowie auf Einschr\u00e4nkung oder Widerspruch gegen deren Verarbeitung.<\/p>\n<\/li>\n<li data-start=\"2300\" data-end=\"2470\">\n<p data-start=\"2302\" data-end=\"2470\">Recht auf Beschwerde bei der zust\u00e4ndigen Aufsichtsbeh\u00f6rde (agpd.es), wenn der Nutzer der Ansicht ist, dass die Verarbeitung nicht den geltenden Vorschriften entspricht.<\/p>\n<\/li>\n<\/ul>\n<p data-start=\"2472\" data-end=\"2613\" style=\"text-align: justify;\"><strong data-start=\"2472\" data-end=\"2515\">Kontaktdaten zur Aus\u00fcbung Ihrer Rechte:<\/strong><br data-start=\"2515\" data-end=\"2518\" \/>Postanschrift: Alvarez-Wilmanski, S.L., c\/Vic 28, 2\u00ba1\u00aa, 08173 Sant Cugat del Vall\u00e8s<br data-start=\"2601\" data-end=\"2604\" \/>E-Mail: \u2013<\/p>\n<hr data-start=\"2615\" data-end=\"2618\" \/>\n<h2 data-start=\"2620\" data-end=\"2715\" style=\"text-align: justify;\"><span style=\"font-size: medium;\">2. VERPFLICHTENDER ODER FREIWILLIGER CHARAKTER DER VOM NUTZER BEREITGESTELLTEN INFORMATIONEN<\/span><\/h2>\n<p data-start=\"2717\" data-end=\"3123\" style=\"text-align: justify;\">Durch das Ankreuzen der entsprechenden Kontrollk\u00e4stchen sowie die Eingabe von Daten in die mit einem Sternchen (*) gekennzeichneten Felder im Kontaktformular oder in Download-Formularen erkl\u00e4ren die Nutzer ausdr\u00fccklich, freiwillig und unmissverst\u00e4ndlich, dass ihre Daten f\u00fcr die Bearbeitung ihrer Anfrage durch den Anbieter erforderlich sind. Die Angabe von Daten in den \u00fcbrigen Feldern erfolgt freiwillig.<\/p>\n<p data-start=\"3125\" data-end=\"3315\" style=\"text-align: justify;\">Der Nutzer garantiert, dass die dem VERANTWORTLICHEN zur Verf\u00fcgung gestellten personenbezogenen Daten wahrheitsgem\u00e4\u00df sind, und verpflichtet sich, etwaige \u00c4nderungen unverz\u00fcglich mitzuteilen.<\/p>\n<p data-start=\"3317\" data-end=\"3963\" style=\"text-align: justify;\">Der VERANTWORTLICHE informiert und garantiert ausdr\u00fccklich, dass personenbezogene Daten der Nutzer unter keinen Umst\u00e4nden an Dritte weitergegeben werden. Sollte dennoch eine Weitergabe personenbezogener Daten erforderlich sein, wird zuvor die ausdr\u00fcckliche, informierte und eindeutige Einwilligung der Nutzer eingeholt. S\u00e4mtliche \u00fcber die Website angeforderten Daten sind verpflichtend, da sie f\u00fcr die Erbringung eines optimalen Services erforderlich sind. Werden nicht alle Daten bereitgestellt, kann nicht gew\u00e4hrleistet werden, dass die angebotenen Informationen und Dienstleistungen vollst\u00e4ndig auf die Bed\u00fcrfnisse des Nutzers abgestimmt sind.<\/p>\n<hr data-start=\"3965\" data-end=\"3968\" \/>\n<h2 data-start=\"3970\" data-end=\"3997\" style=\"text-align: justify;\"><span style=\"font-size: medium;\">3. SICHERHEITSMASSNAHMEN<\/span><\/h2>\n<p data-start=\"3999\" data-end=\"4525\" style=\"text-align: justify;\">In \u00dcbereinstimmung mit den geltenden Vorschriften zum Schutz personenbezogener Daten erf\u00fcllt der VERANTWORTLICHE alle Bestimmungen der DSGVO hinsichtlich der Verarbeitung der ihm anvertrauten personenbezogenen Daten und h\u00e4lt ausdr\u00fccklich die in <strong data-start=\"4244\" data-end=\"4267\">Artikel 5 der DSGVO<\/strong> beschriebenen Grunds\u00e4tze ein. Diese Daten werden rechtm\u00e4\u00dfig, nach Treu und Glauben sowie transparent gegen\u00fcber der betroffenen Person verarbeitet und sind dem Zweck angemessen, erheblich und auf das f\u00fcr die Zwecke der Verarbeitung notwendige Ma\u00df beschr\u00e4nkt.<\/p>\n<p data-start=\"4527\" data-end=\"4852\" style=\"text-align: justify;\">Der VERANTWORTLICHE garantiert, dass geeignete <strong data-start=\"4574\" data-end=\"4619\">technische und organisatorische Ma\u00dfnahmen<\/strong> implementiert wurden, um die von der DSGVO geforderten Sicherheitsma\u00dfnahmen anzuwenden, die Rechte und Freiheiten der Nutzer zu sch\u00fctzen und diesen die erforderlichen Informationen zur Aus\u00fcbung ihrer Rechte zur Verf\u00fcgung zu stellen.<strong><\/strong><\/p>\n<p>[\/et_pb_cta][\/et_pb_column][\/et_pb_row][\/et_pb_section]<\/p>\n","protected":false},"excerpt":{"rendered":"<p>\u00a0 1. INFORMATIONEN F\u00dcR DEN NUTZER Alvarez-Wilmanski, S.L., nachfolgend der VERANTWORTLICHE, ist Verantwortlicher f\u00fcr die Verarbeitung der personenbezogenen Daten des Nutzers und informiert dar\u00fcber, dass diese Daten gem\u00e4\u00df den Bestimmungen der Verordnung (EU) 2016\/679 vom 27. April 2016 (DSGVO) zum Schutz nat\u00fcrlicher Personen bei der Verarbeitung personenbezogener Daten und zum freien Datenverkehr verarbeitet werden. In [&hellip;]<\/p>\n","protected":false},"author":1,"featured_media":0,"parent":0,"menu_order":120,"comment_status":"closed","ping_status":"closed","template":"","meta":{"_et_pb_use_builder":"on","_et_pb_old_content":"<!-- wp:heading -->\r\n<h2>Qui\u00e9nes somos<\/h2>\r\n<!-- \/wp:heading --><!-- wp:paragraph -->\r\n<p>La direcci\u00f3n de nuestra web es: http:\/\/empresaonline.cat.<\/p>\r\n<!-- \/wp:paragraph --><!-- wp:heading -->\r\n<h2>Qu\u00e9 datos personales recogemos y por qu\u00e9 los recogemos<\/h2>\r\n<!-- \/wp:heading --><!-- wp:heading {\"level\":3} -->\r\n<h3>Comentarios<\/h3>\r\n<!-- \/wp:heading --><!-- wp:paragraph -->\r\n<p>Cuando los visitantes dejan comentarios en la web, recopilamos los datos que se muestran en el formulario de comentarios, as\u00ed como la direcci\u00f3n IP del visitante y la cadena de agentes de usuario del navegador para ayudar a la detecci\u00f3n de spam.<\/p>\r\n<!-- \/wp:paragraph --><!-- wp:paragraph -->\r\n<p>Una cadena an\u00f3nima creada a partir de tu direcci\u00f3n de correo electr\u00f3nico (tambi\u00e9n llamada hash) puede ser proporcionada al servicio de Gravatar para ver si la est\u00e1s usando. La pol\u00edtica de privacidad del servicio Gravatar est\u00e1 disponible aqu\u00ed: https:\/\/automattic.com\/privacy\/. Despu\u00e9s de la aprobaci\u00f3n de tu comentario, la imagen de tu perfil es visible para el p\u00fablico en el contexto de su comentario.<\/p>\r\n<!-- \/wp:paragraph --><!-- wp:heading {\"level\":3} -->\r\n<h3>Medios<\/h3>\r\n<!-- \/wp:heading --><!-- wp:paragraph -->\r\n<p>Si subes im\u00e1genes a la web deber\u00edas evitar subir im\u00e1genes con datos de ubicaci\u00f3n (GPS EXIF) incluidos. Los visitantes de la web pueden descargar y extraer cualquier dato de localizaci\u00f3n de las im\u00e1genes de la web.<\/p>\r\n<!-- \/wp:paragraph --><!-- wp:heading {\"level\":3} -->\r\n<h3>Formularios de contacto<\/h3>\r\n<!-- \/wp:heading --><!-- wp:heading {\"level\":3} -->\r\n<h3>Cookies<\/h3>\r\n<!-- \/wp:heading --><!-- wp:paragraph -->\r\n<p>Si dejas un comentario en nuestro sitio puedes elegir guardar tu nombre, direcci\u00f3n de correo electr\u00f3nico y web en cookies. Esto es para tu comodidad, para que no tengas que volver a rellenar tus datos cuando dejes otro comentario. Estas cookies tendr\u00e1n una duraci\u00f3n de un a\u00f1o.<\/p>\r\n<!-- \/wp:paragraph --><!-- wp:paragraph -->\r\n<p>Si tienes una cuenta y te conectas a este sitio, instalaremos una cookie temporal para determinar si tu navegador acepta cookies. Esta cookie no contiene datos personales y se elimina al cerrar el navegador.<\/p>\r\n<!-- \/wp:paragraph --><!-- wp:paragraph -->\r\n<p>Cuando inicias sesi\u00f3n, tambi\u00e9n instalaremos varias cookies para guardar tu informaci\u00f3n de inicio de sesi\u00f3n y tus opciones de visualizaci\u00f3n de pantalla. Las cookies de inicio de sesi\u00f3n duran dos d\u00edas, y las cookies de opciones de pantalla duran un a\u00f1o. Si seleccionas \"Recordarme\", tu inicio de sesi\u00f3n perdurar\u00e1 durante dos semanas. Si sales de tu cuenta, las cookies de inicio de sesi\u00f3n se eliminar\u00e1n.<\/p>\r\n<!-- \/wp:paragraph --><!-- wp:paragraph -->\r\n<p>Si editas o publicas un art\u00edculo se guardar\u00e1 una cookie adicional en tu navegador. Esta cookie no incluye datos personales y simplemente indica el ID del art\u00edculo que acabas de editar. Caduca despu\u00e9s de 1 d\u00eda.<\/p>\r\n<!-- \/wp:paragraph --><!-- wp:heading {\"level\":3} -->\r\n<h3>Contenido incrustado de otros sitios web<\/h3>\r\n<!-- \/wp:heading --><!-- wp:paragraph -->\r\n<p>Los art\u00edculos de este sitio pueden incluir contenido incrustado (por ejemplo, v\u00eddeos, im\u00e1genes, art\u00edculos, etc.). El contenido incrustado de otras web se comporta exactamente de la misma manera que si el visitante hubiera visitado la otra web.<\/p>\r\n<!-- \/wp:paragraph --><!-- wp:paragraph -->\r\n<p>Estas web pueden recopilar datos sobre ti, utilizar cookies, incrustar un seguimiento adicional de terceros, y supervisar tu interacci\u00f3n con ese contenido incrustado, incluido el seguimiento de tu interacci\u00f3n con el contenido incrustado si tienes una cuenta y est\u00e1s conectado a esa web.<\/p>\r\n<!-- \/wp:paragraph --><!-- wp:heading {\"level\":3} -->\r\n<h3>Anal\u00edtica<\/h3>\r\n<!-- \/wp:heading --><!-- wp:heading -->\r\n<h2>Con qui\u00e9n compartimos tus datos<\/h2>\r\n<!-- \/wp:heading --><!-- wp:heading -->\r\n<h2>Cu\u00e1nto tiempo conservamos tus datos<\/h2>\r\n<!-- \/wp:heading --><!-- wp:paragraph -->\r\n<p>Si dejas un comentario, el comentario y sus metadatos se conservan indefinidamente. Esto es para que podamos reconocer y aprobar comentarios sucesivos autom\u00e1ticamente en lugar de mantenerlos en una cola de moderaci\u00f3n.<\/p>\r\n<!-- \/wp:paragraph --><!-- wp:paragraph -->\r\n<p>De los usuarios que se registran en nuestra web (si los hay), tambi\u00e9n almacenamos la informaci\u00f3n personal que proporcionan en su perfil de usuario. Todos los usuarios pueden ver, editar o eliminar su informaci\u00f3n personal en cualquier momento (excepto que no pueden cambiar su nombre de usuario). Los administradores de la web tambi\u00e9n pueden ver y editar esa informaci\u00f3n.<\/p>\r\n<!-- \/wp:paragraph --><!-- wp:heading -->\r\n<h2>Qu\u00e9 derechos tienes sobre tus datos<\/h2>\r\n<!-- \/wp:heading --><!-- wp:paragraph -->\r\n<p>Si tienes una cuenta o has dejado comentarios en esta web, puedes solicitar recibir un archivo de exportaci\u00f3n de los datos personales que tenemos sobre ti, incluyendo cualquier dato que nos hayas proporcionado. Tambi\u00e9n puedes solicitar que eliminemos cualquier dato personal que tengamos sobre ti. Esto no incluye ning\u00fan dato que estemos obligados a conservar con fines administrativos, legales o de seguridad.<\/p>\r\n<!-- \/wp:paragraph --><!-- wp:heading -->\r\n<h2>D\u00f3nde enviamos tus datos<\/h2>\r\n<!-- \/wp:heading --><!-- wp:paragraph -->\r\n<p>Los comentarios de los visitantes puede que los revise un servicio de detecci\u00f3n autom\u00e1tica de spam.<\/p>\r\n<!-- \/wp:paragraph --><!-- wp:heading -->\r\n<h2>Tu informaci\u00f3n de contacto<\/h2>\r\n<!-- \/wp:heading --><!-- wp:heading -->\r\n<h2>Informaci\u00f3n adicional<\/h2>\r\n<!-- \/wp:heading --><!-- wp:heading {\"level\":3} -->\r\n<h3>C\u00f3mo protegemos tus datos<\/h3>\r\n<!-- \/wp:heading --><!-- wp:heading {\"level\":3} -->\r\n<h3>Qu\u00e9 procedimientos utilizamos contra las brechas de datos<\/h3>\r\n<!-- \/wp:heading --><!-- wp:heading {\"level\":3} -->\r\n<h3>De qu\u00e9 terceros recibimos datos<\/h3>\r\n<!-- \/wp:heading --><!-- wp:heading {\"level\":3} -->\r\n<h3>Qu\u00e9 tipo de toma de decisiones automatizada y\/o perfilado hacemos con los datos del usuario<\/h3>\r\n<!-- \/wp:heading --><!-- wp:heading {\"level\":3} -->\r\n<h3>Requerimientos regulatorios de revelaci\u00f3n de informaci\u00f3n del sector<\/h3>\r\n<!-- \/wp:heading -->","_et_gb_content_width":"","footnotes":""},"class_list":["post-239332","page","type-page","status-publish","hentry"],"yoast_head":"<!-- This site is optimized with the Yoast SEO plugin v28.3 - https:\/\/yoast.com\/product\/yoast-seo-wordpress\/ -->\n<title>Privacy Policy - Corporate Finance &amp; Real Estate Investment<\/title>\n<meta name=\"description\" content=\"Alvarez-Wilmanski,S.L., es el Responsable del tratamiento de los datos personales del Usuario y le informa que estos datos ser\u00e1n tratados de conformidad...\" \/>\n<meta name=\"robots\" content=\"noindex, nofollow\" \/>\n<meta property=\"og:locale\" content=\"de_DE\" \/>\n<meta property=\"og:type\" content=\"article\" \/>\n<meta property=\"og:title\" content=\"Privacy Policy - Corporate Finance &amp; Real Estate Investment\" \/>\n<meta property=\"og:description\" content=\"Alvarez-Wilmanski,S.L., es el Responsable del tratamiento de los datos personales del Usuario y le informa que estos datos ser\u00e1n tratados de conformidad...\" \/>\n<meta property=\"og:url\" content=\"https:\/\/awinvestment.eu\/de\/privacy-policy\/\" \/>\n<meta property=\"og:site_name\" content=\"AW Investment Advisory | M&amp;A - Refinancing - Private Capital - Real Estate\" \/>\n<meta property=\"article:modified_time\" content=\"2025-12-19T10:21:15+00:00\" \/>\n<meta name=\"twitter:card\" content=\"summary_large_image\" \/>\n<meta name=\"twitter:label1\" content=\"Gesch\u00e4tzte Lesezeit\" \/>\n\t<meta name=\"twitter:data1\" content=\"4\u00a0Minuten\" \/>\n<script type=\"application\/ld+json\" class=\"yoast-schema-graph\">{\"@context\":\"https:\\\/\\\/schema.org\",\"@graph\":[{\"@type\":\"WebPage\",\"@id\":\"https:\\\/\\\/awinvestment.eu\\\/de\\\/privacy-policy\\\/\",\"url\":\"https:\\\/\\\/awinvestment.eu\\\/de\\\/privacy-policy\\\/\",\"name\":\"Privacy Policy - Corporate Finance & Real Estate Investment\",\"isPartOf\":{\"@id\":\"https:\\\/\\\/awinvestment.eu\\\/de\\\/#website\"},\"datePublished\":\"2019-12-02T18:20:10+00:00\",\"dateModified\":\"2025-12-19T10:21:15+00:00\",\"description\":\"Alvarez-Wilmanski,S.L., es el Responsable del tratamiento de los datos personales del Usuario y le informa que estos datos ser\u00e1n tratados de conformidad...\",\"breadcrumb\":{\"@id\":\"https:\\\/\\\/awinvestment.eu\\\/de\\\/privacy-policy\\\/#breadcrumb\"},\"inLanguage\":\"de\",\"potentialAction\":[{\"@type\":\"ReadAction\",\"target\":[\"https:\\\/\\\/awinvestment.eu\\\/de\\\/privacy-policy\\\/\"]}]},{\"@type\":\"BreadcrumbList\",\"@id\":\"https:\\\/\\\/awinvestment.eu\\\/de\\\/privacy-policy\\\/#breadcrumb\",\"itemListElement\":[{\"@type\":\"ListItem\",\"position\":1,\"name\":\"Portada\",\"item\":\"https:\\\/\\\/awinvestment.eu\\\/de\\\/\"},{\"@type\":\"ListItem\",\"position\":2,\"name\":\"Privacy Policy\"}]},{\"@type\":\"WebSite\",\"@id\":\"https:\\\/\\\/awinvestment.eu\\\/de\\\/#website\",\"url\":\"https:\\\/\\\/awinvestment.eu\\\/de\\\/\",\"name\":\"AW Investment Boutique | M&A - Refinancing - Private Capital - Real Estate\",\"description\":\"Somos una firma l\u00edder en el asesoramiento de finanzas corporativas. Asesoramos en la compra-venta de compa\u00f1\u00edas de forma integral.\",\"publisher\":{\"@id\":\"https:\\\/\\\/awinvestment.eu\\\/de\\\/#organization\"},\"potentialAction\":[{\"@type\":\"SearchAction\",\"target\":{\"@type\":\"EntryPoint\",\"urlTemplate\":\"https:\\\/\\\/awinvestment.eu\\\/de\\\/?s={search_term_string}\"},\"query-input\":{\"@type\":\"PropertyValueSpecification\",\"valueRequired\":true,\"valueName\":\"search_term_string\"}}],\"inLanguage\":\"de\"},{\"@type\":\"Organization\",\"@id\":\"https:\\\/\\\/awinvestment.eu\\\/de\\\/#organization\",\"name\":\"AW Investment Boutique\",\"url\":\"https:\\\/\\\/awinvestment.eu\\\/de\\\/\",\"logo\":{\"@type\":\"ImageObject\",\"inLanguage\":\"de\",\"@id\":\"https:\\\/\\\/awinvestment.eu\\\/de\\\/#\\\/schema\\\/logo\\\/image\\\/\",\"url\":\"https:\\\/\\\/awinvestment.eu\\\/wp-content\\\/uploads\\\/2023\\\/12\\\/Logo-AW-2024.jpg\",\"contentUrl\":\"https:\\\/\\\/awinvestment.eu\\\/wp-content\\\/uploads\\\/2023\\\/12\\\/Logo-AW-2024.jpg\",\"width\":477,\"height\":162,\"caption\":\"AW Investment Boutique\"},\"image\":{\"@id\":\"https:\\\/\\\/awinvestment.eu\\\/de\\\/#\\\/schema\\\/logo\\\/image\\\/\"},\"sameAs\":[\"https:\\\/\\\/www.linkedin.com\\\/company\\\/aw-investment-advisory\"]}]}<\/script>\n<!-- \/ Yoast SEO plugin. -->","yoast_head_json":{"title":"Privacy Policy - Corporate Finance & Real Estate Investment","description":"Alvarez-Wilmanski,S.L., es el Responsable del tratamiento de los datos personales del Usuario y le informa que estos datos ser\u00e1n tratados de conformidad...","robots":{"index":"noindex","follow":"nofollow"},"og_locale":"de_DE","og_type":"article","og_title":"Privacy Policy - Corporate Finance & Real Estate Investment","og_description":"Alvarez-Wilmanski,S.L., es el Responsable del tratamiento de los datos personales del Usuario y le informa que estos datos ser\u00e1n tratados de conformidad...","og_url":"https:\/\/awinvestment.eu\/de\/privacy-policy\/","og_site_name":"AW Investment Advisory | M&amp;A - Refinancing - Private Capital - Real Estate","article_modified_time":"2025-12-19T10:21:15+00:00","twitter_card":"summary_large_image","twitter_misc":{"Gesch\u00e4tzte Lesezeit":"4\u00a0Minuten"},"schema":{"@context":"https:\/\/schema.org","@graph":[{"@type":"WebPage","@id":"https:\/\/awinvestment.eu\/de\/privacy-policy\/","url":"https:\/\/awinvestment.eu\/de\/privacy-policy\/","name":"Privacy Policy - Corporate Finance & Real Estate Investment","isPartOf":{"@id":"https:\/\/awinvestment.eu\/de\/#website"},"datePublished":"2019-12-02T18:20:10+00:00","dateModified":"2025-12-19T10:21:15+00:00","description":"Alvarez-Wilmanski,S.L., es el Responsable del tratamiento de los datos personales del Usuario y le informa que estos datos ser\u00e1n tratados de conformidad...","breadcrumb":{"@id":"https:\/\/awinvestment.eu\/de\/privacy-policy\/#breadcrumb"},"inLanguage":"de","potentialAction":[{"@type":"ReadAction","target":["https:\/\/awinvestment.eu\/de\/privacy-policy\/"]}]},{"@type":"BreadcrumbList","@id":"https:\/\/awinvestment.eu\/de\/privacy-policy\/#breadcrumb","itemListElement":[{"@type":"ListItem","position":1,"name":"Portada","item":"https:\/\/awinvestment.eu\/de\/"},{"@type":"ListItem","position":2,"name":"Privacy Policy"}]},{"@type":"WebSite","@id":"https:\/\/awinvestment.eu\/de\/#website","url":"https:\/\/awinvestment.eu\/de\/","name":"AW Investment Boutique | M&A - Refinancing - Private Capital - Real Estate","description":"Somos una firma l\u00edder en el asesoramiento de finanzas corporativas. Asesoramos en la compra-venta de compa\u00f1\u00edas de forma integral.","publisher":{"@id":"https:\/\/awinvestment.eu\/de\/#organization"},"potentialAction":[{"@type":"SearchAction","target":{"@type":"EntryPoint","urlTemplate":"https:\/\/awinvestment.eu\/de\/?s={search_term_string}"},"query-input":{"@type":"PropertyValueSpecification","valueRequired":true,"valueName":"search_term_string"}}],"inLanguage":"de"},{"@type":"Organization","@id":"https:\/\/awinvestment.eu\/de\/#organization","name":"AW Investment Boutique","url":"https:\/\/awinvestment.eu\/de\/","logo":{"@type":"ImageObject","inLanguage":"de","@id":"https:\/\/awinvestment.eu\/de\/#\/schema\/logo\/image\/","url":"https:\/\/awinvestment.eu\/wp-content\/uploads\/2023\/12\/Logo-AW-2024.jpg","contentUrl":"https:\/\/awinvestment.eu\/wp-content\/uploads\/2023\/12\/Logo-AW-2024.jpg","width":477,"height":162,"caption":"AW Investment Boutique"},"image":{"@id":"https:\/\/awinvestment.eu\/de\/#\/schema\/logo\/image\/"},"sameAs":["https:\/\/www.linkedin.com\/company\/aw-investment-advisory"]}]}},"_links":{"self":[{"href":"https:\/\/awinvestment.eu\/de\/wp-json\/wp\/v2\/pages\/239332","targetHints":{"allow":["GET"]}}],"collection":[{"href":"https:\/\/awinvestment.eu\/de\/wp-json\/wp\/v2\/pages"}],"about":[{"href":"https:\/\/awinvestment.eu\/de\/wp-json\/wp\/v2\/types\/page"}],"author":[{"embeddable":true,"href":"https:\/\/awinvestment.eu\/de\/wp-json\/wp\/v2\/users\/1"}],"replies":[{"embeddable":true,"href":"https:\/\/awinvestment.eu\/de\/wp-json\/wp\/v2\/comments?post=239332"}],"version-history":[{"count":3,"href":"https:\/\/awinvestment.eu\/de\/wp-json\/wp\/v2\/pages\/239332\/revisions"}],"predecessor-version":[{"id":240977,"href":"https:\/\/awinvestment.eu\/de\/wp-json\/wp\/v2\/pages\/239332\/revisions\/240977"}],"wp:attachment":[{"href":"https:\/\/awinvestment.eu\/de\/wp-json\/wp\/v2\/media?parent=239332"}],"curies":[{"name":"wp","href":"https:\/\/api.w.org\/{rel}","templated":true}]}}