{"id":239330,"date":"2019-12-02T19:19:47","date_gmt":"2019-12-02T18:19:47","guid":{"rendered":"https:\/\/awinvestment.eu\/privacy-policy\/"},"modified":"2025-12-19T11:24:24","modified_gmt":"2025-12-19T10:24:24","slug":"privacy-policy","status":"publish","type":"page","link":"https:\/\/awinvestment.eu\/en\/privacy-policy\/","title":{"rendered":"Privacy Policy"},"content":{"rendered":"<p>[et_pb_section fb_built=&#8221;1&#8243; admin_label=&#8221;Secci\u00f3n &#8211; Politica de Privacidad&#8221; _builder_version=&#8221;4.16&#8243; global_colors_info=&#8221;{}&#8221;][et_pb_row admin_label=&#8221;Fila&#8221; _builder_version=&#8221;4.16&#8243; background_size=&#8221;initial&#8221; background_position=&#8221;top_left&#8221; background_repeat=&#8221;repeat&#8221; global_colors_info=&#8221;{}&#8221;][et_pb_column type=&#8221;4_4&#8243; _builder_version=&#8221;4.16&#8243; custom_padding=&#8221;|||&#8221; global_colors_info=&#8221;{}&#8221; custom_padding__hover=&#8221;|||&#8221;][et_pb_cta title=&#8221;Privacy Policy&#8221; admin_label=&#8221;Texto %22Politica de Privacidad%22&#8243; _builder_version=&#8221;4.27.4&#8243; header_level=&#8221;h1&#8243; header_font=&#8221;Poppins||||||||&#8221; header_text_align=&#8221;left&#8221; header_text_color=&#8221;#000000&#8243; header_font_size=&#8221;39px&#8221; body_text_align=&#8221;left&#8221; body_text_color=&#8221;#000000&#8243; body_font_size=&#8221;15px&#8221; use_background_color=&#8221;off&#8221; text_orientation=&#8221;left&#8221; hover_enabled=&#8221;0&#8243; global_colors_info=&#8221;{}&#8221; sticky_enabled=&#8221;0&#8243;]<\/p>\n<p><strong>\u00a0<\/strong><\/p>\n<h2 data-start=\"186\" data-end=\"208\" style=\"text-align: justify;\"><span style=\"font-size: medium;\">1. USER INFORMATION<\/span><\/h2>\n<p data-start=\"210\" data-end=\"668\" style=\"text-align: justify;\">Alvarez-Wilmanski, S.L., hereinafter the <strong data-start=\"251\" data-end=\"265\">CONTROLLER<\/strong>, is the controller of the User\u2019s personal data and hereby informs that such data will be processed in accordance with the provisions of <strong data-start=\"402\" data-end=\"454\">Regulation (EU) 2016\/679 of 27 April 2016 (GDPR)<\/strong> on the protection of natural persons with regard to the processing of personal data and on the free movement of such data. The following information regarding the processing of personal data is therefore provided:<\/p>\n<p data-start=\"670\" data-end=\"794\" style=\"text-align: justify;\"><strong data-start=\"670\" data-end=\"696\">Purpose of processing:<\/strong> to maintain a commercial relationship with the User. The processing operations envisaged include:<\/p>\n<ul data-start=\"796\" data-end=\"1452\" style=\"text-align: justify;\">\n<li data-start=\"796\" data-end=\"1258\">\n<p data-start=\"798\" data-end=\"1258\">Sending commercial advertising communications by email, fax, SMS, MMS, social networks, or any other electronic or physical means, present or future, that enables commercial communications. Such communications will be carried out by the CONTROLLER and will relate to its products and services, or those of its collaborators or suppliers with whom promotional agreements have been reached. In such cases, third parties will never have access to personal data.<\/p>\n<\/li>\n<li data-start=\"1259\" data-end=\"1294\">\n<p data-start=\"1261\" data-end=\"1294\">Conducting statistical studies.<\/p>\n<\/li>\n<li data-start=\"1295\" data-end=\"1418\">\n<p data-start=\"1297\" data-end=\"1418\">Processing orders, requests, or any type of inquiry made by the User through any of the contact methods made available.<\/p>\n<\/li>\n<li data-start=\"1419\" data-end=\"1452\">\n<p data-start=\"1421\" data-end=\"1452\">Sending the website newsletter.<\/p>\n<\/li>\n<\/ul>\n<p data-start=\"1454\" data-end=\"1755\" style=\"text-align: justify;\"><strong data-start=\"1454\" data-end=\"1482\">Data retention criteria:<\/strong> data shall be retained as long as there is a mutual interest in maintaining the purpose of the processing, and once it is no longer necessary for such purpose, it shall be deleted using appropriate security measures to ensure data pseudonymization or complete destruction.<\/p>\n<p data-start=\"1757\" data-end=\"1862\" style=\"text-align: justify;\"><strong data-start=\"1757\" data-end=\"1777\">Data disclosure:<\/strong> personal data will not be disclosed to third parties, except where legally required.<\/p>\n<p data-start=\"1864\" data-end=\"1880\" style=\"text-align: justify;\"><strong data-start=\"1864\" data-end=\"1880\">User rights:<\/strong><\/p>\n<ul data-start=\"1882\" data-end=\"2196\" style=\"text-align: justify;\">\n<li data-start=\"1882\" data-end=\"1928\">\n<p data-start=\"1884\" data-end=\"1928\">The right to withdraw consent at any time.<\/p>\n<\/li>\n<li data-start=\"1929\" data-end=\"2038\">\n<p data-start=\"1931\" data-end=\"2038\">The right to access, rectify, port, and erase personal data, and to restrict or object to its processing.<\/p>\n<\/li>\n<li data-start=\"2039\" data-end=\"2196\">\n<p data-start=\"2041\" data-end=\"2196\">The right to lodge a complaint with the supervisory authority (agpd.es) if the User considers that the processing does not comply with current regulations.<\/p>\n<\/li>\n<\/ul>\n<p data-start=\"2198\" data-end=\"2340\" style=\"text-align: justify;\"><strong data-start=\"2198\" data-end=\"2242\">Contact details to exercise your rights:<\/strong><br data-start=\"2242\" data-end=\"2245\" \/>Postal address: Alvarez-Wilmanski, S.L., c\/Vic 28, 2\u00ba1\u00aa, 08173 Sant Cugat del Vall\u00e8s<br data-start=\"2329\" data-end=\"2332\" \/>Email: \u2013<\/p>\n<hr data-start=\"2342\" data-end=\"2345\" \/>\n<h2 data-start=\"2347\" data-end=\"2421\" style=\"text-align: justify;\"><span style=\"font-size: medium;\">2. MANDATORY OR OPTIONAL NATURE OF THE INFORMATION PROVIDED BY THE USER<\/span><\/h2>\n<p data-start=\"2423\" data-end=\"2763\" style=\"text-align: justify;\">By ticking the corresponding checkboxes and entering data in the fields marked with an asterisk (*) in the contact form or presented in download forms, Users expressly, freely, and unequivocally accept that their data is necessary to process their request by the service provider. The inclusion of data in the remaining fields is voluntary.<\/p>\n<p data-start=\"2765\" data-end=\"2911\" style=\"text-align: justify;\">The User guarantees that the personal data provided to the CONTROLLER is accurate and undertakes responsibility for notifying any changes thereto.<\/p>\n<p data-start=\"2913\" data-end=\"3449\" style=\"text-align: justify;\">The CONTROLLER expressly informs and guarantees Users that their personal data will not, under any circumstances, be transferred to third parties. Should any transfer of personal data be required, the express, informed, and unequivocal consent of the Users will be obtained in advance. All data requested through the website is mandatory, as it is necessary to provide an optimal service to the User. Failure to provide all requested data may result in the information and services provided not being fully tailored to the User\u2019s needs.<\/p>\n<hr data-start=\"3451\" data-end=\"3454\" \/>\n<h2 data-start=\"3456\" data-end=\"3479\" style=\"text-align: justify;\"><span style=\"font-size: medium;\">3. SECURITY MEASURES<\/span><\/h2>\n<p data-start=\"3481\" data-end=\"3950\" style=\"text-align: justify;\">In accordance with current data protection regulations, the CONTROLLER complies with all provisions of the GDPR regarding the processing of personal data under its responsibility, and expressly adheres to the principles described in <strong data-start=\"3714\" data-end=\"3739\">Article 5 of the GDPR<\/strong>, whereby data is processed lawfully, fairly, and transparently in relation to the data subject, and is adequate, relevant, and limited to what is necessary in relation to the purposes for which it is processed.<\/p>\n<p data-start=\"3952\" data-end=\"4269\" style=\"text-align: justify;\">The CONTROLLER guarantees that appropriate <strong data-start=\"3995\" data-end=\"4036\">technical and organizational policies<\/strong> have been implemented to apply the security measures established by the GDPR, in order to protect the rights and freedoms of Users, and that Users have been provided with adequate information to enable them to exercise those rights.<\/p>\n<p style=\"text-align: justify;\"><strong>\u00a0<\/strong><\/p>\n<p>[\/et_pb_cta][\/et_pb_column][\/et_pb_row][\/et_pb_section]<\/p>\n","protected":false},"excerpt":{"rendered":"<p>\u00a0 1. USER INFORMATION Alvarez-Wilmanski, S.L., hereinafter the CONTROLLER, is the controller of the User\u2019s personal data and hereby informs that such data will be processed in accordance with the provisions of Regulation (EU) 2016\/679 of 27 April 2016 (GDPR) on the protection of natural persons with regard to the processing of personal data and [&hellip;]<\/p>\n","protected":false},"author":1,"featured_media":0,"parent":0,"menu_order":120,"comment_status":"closed","ping_status":"closed","template":"","meta":{"_et_pb_use_builder":"on","_et_pb_old_content":"<!-- wp:heading -->\r\n<h2>Qui\u00e9nes somos<\/h2>\r\n<!-- \/wp:heading --><!-- wp:paragraph -->\r\n<p>La direcci\u00f3n de nuestra web es: http:\/\/empresaonline.cat.<\/p>\r\n<!-- \/wp:paragraph --><!-- wp:heading -->\r\n<h2>Qu\u00e9 datos personales recogemos y por qu\u00e9 los recogemos<\/h2>\r\n<!-- \/wp:heading --><!-- wp:heading {\"level\":3} -->\r\n<h3>Comentarios<\/h3>\r\n<!-- \/wp:heading --><!-- wp:paragraph -->\r\n<p>Cuando los visitantes dejan comentarios en la web, recopilamos los datos que se muestran en el formulario de comentarios, as\u00ed como la direcci\u00f3n IP del visitante y la cadena de agentes de usuario del navegador para ayudar a la detecci\u00f3n de spam.<\/p>\r\n<!-- \/wp:paragraph --><!-- wp:paragraph -->\r\n<p>Una cadena an\u00f3nima creada a partir de tu direcci\u00f3n de correo electr\u00f3nico (tambi\u00e9n llamada hash) puede ser proporcionada al servicio de Gravatar para ver si la est\u00e1s usando. La pol\u00edtica de privacidad del servicio Gravatar est\u00e1 disponible aqu\u00ed: https:\/\/automattic.com\/privacy\/. Despu\u00e9s de la aprobaci\u00f3n de tu comentario, la imagen de tu perfil es visible para el p\u00fablico en el contexto de su comentario.<\/p>\r\n<!-- \/wp:paragraph --><!-- wp:heading {\"level\":3} -->\r\n<h3>Medios<\/h3>\r\n<!-- \/wp:heading --><!-- wp:paragraph -->\r\n<p>Si subes im\u00e1genes a la web deber\u00edas evitar subir im\u00e1genes con datos de ubicaci\u00f3n (GPS EXIF) incluidos. Los visitantes de la web pueden descargar y extraer cualquier dato de localizaci\u00f3n de las im\u00e1genes de la web.<\/p>\r\n<!-- \/wp:paragraph --><!-- wp:heading {\"level\":3} -->\r\n<h3>Formularios de contacto<\/h3>\r\n<!-- \/wp:heading --><!-- wp:heading {\"level\":3} -->\r\n<h3>Cookies<\/h3>\r\n<!-- \/wp:heading --><!-- wp:paragraph -->\r\n<p>Si dejas un comentario en nuestro sitio puedes elegir guardar tu nombre, direcci\u00f3n de correo electr\u00f3nico y web en cookies. Esto es para tu comodidad, para que no tengas que volver a rellenar tus datos cuando dejes otro comentario. Estas cookies tendr\u00e1n una duraci\u00f3n de un a\u00f1o.<\/p>\r\n<!-- \/wp:paragraph --><!-- wp:paragraph -->\r\n<p>Si tienes una cuenta y te conectas a este sitio, instalaremos una cookie temporal para determinar si tu navegador acepta cookies. Esta cookie no contiene datos personales y se elimina al cerrar el navegador.<\/p>\r\n<!-- \/wp:paragraph --><!-- wp:paragraph -->\r\n<p>Cuando inicias sesi\u00f3n, tambi\u00e9n instalaremos varias cookies para guardar tu informaci\u00f3n de inicio de sesi\u00f3n y tus opciones de visualizaci\u00f3n de pantalla. Las cookies de inicio de sesi\u00f3n duran dos d\u00edas, y las cookies de opciones de pantalla duran un a\u00f1o. Si seleccionas \"Recordarme\", tu inicio de sesi\u00f3n perdurar\u00e1 durante dos semanas. Si sales de tu cuenta, las cookies de inicio de sesi\u00f3n se eliminar\u00e1n.<\/p>\r\n<!-- \/wp:paragraph --><!-- wp:paragraph -->\r\n<p>Si editas o publicas un art\u00edculo se guardar\u00e1 una cookie adicional en tu navegador. Esta cookie no incluye datos personales y simplemente indica el ID del art\u00edculo que acabas de editar. Caduca despu\u00e9s de 1 d\u00eda.<\/p>\r\n<!-- \/wp:paragraph --><!-- wp:heading {\"level\":3} -->\r\n<h3>Contenido incrustado de otros sitios web<\/h3>\r\n<!-- \/wp:heading --><!-- wp:paragraph -->\r\n<p>Los art\u00edculos de este sitio pueden incluir contenido incrustado (por ejemplo, v\u00eddeos, im\u00e1genes, art\u00edculos, etc.). El contenido incrustado de otras web se comporta exactamente de la misma manera que si el visitante hubiera visitado la otra web.<\/p>\r\n<!-- \/wp:paragraph --><!-- wp:paragraph -->\r\n<p>Estas web pueden recopilar datos sobre ti, utilizar cookies, incrustar un seguimiento adicional de terceros, y supervisar tu interacci\u00f3n con ese contenido incrustado, incluido el seguimiento de tu interacci\u00f3n con el contenido incrustado si tienes una cuenta y est\u00e1s conectado a esa web.<\/p>\r\n<!-- \/wp:paragraph --><!-- wp:heading {\"level\":3} -->\r\n<h3>Anal\u00edtica<\/h3>\r\n<!-- \/wp:heading --><!-- wp:heading -->\r\n<h2>Con qui\u00e9n compartimos tus datos<\/h2>\r\n<!-- \/wp:heading --><!-- wp:heading -->\r\n<h2>Cu\u00e1nto tiempo conservamos tus datos<\/h2>\r\n<!-- \/wp:heading --><!-- wp:paragraph -->\r\n<p>Si dejas un comentario, el comentario y sus metadatos se conservan indefinidamente. Esto es para que podamos reconocer y aprobar comentarios sucesivos autom\u00e1ticamente en lugar de mantenerlos en una cola de moderaci\u00f3n.<\/p>\r\n<!-- \/wp:paragraph --><!-- wp:paragraph -->\r\n<p>De los usuarios que se registran en nuestra web (si los hay), tambi\u00e9n almacenamos la informaci\u00f3n personal que proporcionan en su perfil de usuario. Todos los usuarios pueden ver, editar o eliminar su informaci\u00f3n personal en cualquier momento (excepto que no pueden cambiar su nombre de usuario). Los administradores de la web tambi\u00e9n pueden ver y editar esa informaci\u00f3n.<\/p>\r\n<!-- \/wp:paragraph --><!-- wp:heading -->\r\n<h2>Qu\u00e9 derechos tienes sobre tus datos<\/h2>\r\n<!-- \/wp:heading --><!-- wp:paragraph -->\r\n<p>Si tienes una cuenta o has dejado comentarios en esta web, puedes solicitar recibir un archivo de exportaci\u00f3n de los datos personales que tenemos sobre ti, incluyendo cualquier dato que nos hayas proporcionado. Tambi\u00e9n puedes solicitar que eliminemos cualquier dato personal que tengamos sobre ti. Esto no incluye ning\u00fan dato que estemos obligados a conservar con fines administrativos, legales o de seguridad.<\/p>\r\n<!-- \/wp:paragraph --><!-- wp:heading -->\r\n<h2>D\u00f3nde enviamos tus datos<\/h2>\r\n<!-- \/wp:heading --><!-- wp:paragraph -->\r\n<p>Los comentarios de los visitantes puede que los revise un servicio de detecci\u00f3n autom\u00e1tica de spam.<\/p>\r\n<!-- \/wp:paragraph --><!-- wp:heading -->\r\n<h2>Tu informaci\u00f3n de contacto<\/h2>\r\n<!-- \/wp:heading --><!-- wp:heading -->\r\n<h2>Informaci\u00f3n adicional<\/h2>\r\n<!-- \/wp:heading --><!-- wp:heading {\"level\":3} -->\r\n<h3>C\u00f3mo protegemos tus datos<\/h3>\r\n<!-- \/wp:heading --><!-- wp:heading {\"level\":3} -->\r\n<h3>Qu\u00e9 procedimientos utilizamos contra las brechas de datos<\/h3>\r\n<!-- \/wp:heading --><!-- wp:heading {\"level\":3} -->\r\n<h3>De qu\u00e9 terceros recibimos datos<\/h3>\r\n<!-- \/wp:heading --><!-- wp:heading {\"level\":3} -->\r\n<h3>Qu\u00e9 tipo de toma de decisiones automatizada y\/o perfilado hacemos con los datos del usuario<\/h3>\r\n<!-- \/wp:heading --><!-- wp:heading {\"level\":3} -->\r\n<h3>Requerimientos regulatorios de revelaci\u00f3n de informaci\u00f3n del sector<\/h3>\r\n<!-- \/wp:heading -->","_et_gb_content_width":"","footnotes":""},"class_list":["post-239330","page","type-page","status-publish","hentry"],"yoast_head":"<!-- This site is optimized with the Yoast SEO plugin v28.4 - https:\/\/yoast.com\/product\/yoast-seo-wordpress\/ -->\n<title>Privacy Policy - Corporate Finance &amp; Real Estate Investment<\/title>\n<meta name=\"description\" content=\"Alvarez-Wilmanski,S.L., es el Responsable del tratamiento de los datos personales del Usuario y le informa que estos datos ser\u00e1n tratados de conformidad...\" \/>\n<meta name=\"robots\" content=\"noindex, nofollow\" \/>\n<meta property=\"og:locale\" content=\"en_US\" \/>\n<meta property=\"og:type\" content=\"article\" \/>\n<meta property=\"og:title\" content=\"Privacy Policy - Corporate Finance &amp; Real Estate Investment\" \/>\n<meta property=\"og:description\" content=\"Alvarez-Wilmanski,S.L., es el Responsable del tratamiento de los datos personales del Usuario y le informa que estos datos ser\u00e1n tratados de conformidad...\" \/>\n<meta property=\"og:url\" content=\"https:\/\/awinvestment.eu\/en\/privacy-policy\/\" \/>\n<meta property=\"og:site_name\" content=\"AW Investment Boutique | M&amp;A - Refinancing - Private Capital - Real Estate\" \/>\n<meta property=\"article:modified_time\" content=\"2025-12-19T10:24:24+00:00\" \/>\n<meta name=\"twitter:card\" content=\"summary_large_image\" \/>\n<meta name=\"twitter:label1\" content=\"Est. reading time\" \/>\n\t<meta name=\"twitter:data1\" content=\"4 minutes\" \/>\n<script type=\"application\/ld+json\" class=\"yoast-schema-graph\">{\"@context\":\"https:\\\/\\\/schema.org\",\"@graph\":[{\"@type\":\"WebPage\",\"@id\":\"https:\\\/\\\/awinvestment.eu\\\/en\\\/privacy-policy\\\/\",\"url\":\"https:\\\/\\\/awinvestment.eu\\\/en\\\/privacy-policy\\\/\",\"name\":\"Privacy Policy - Corporate Finance & Real Estate Investment\",\"isPartOf\":{\"@id\":\"https:\\\/\\\/awinvestment.eu\\\/en\\\/#website\"},\"datePublished\":\"2019-12-02T18:19:47+00:00\",\"dateModified\":\"2025-12-19T10:24:24+00:00\",\"description\":\"Alvarez-Wilmanski,S.L., es el Responsable del tratamiento de los datos personales del Usuario y le informa que estos datos ser\u00e1n tratados de conformidad...\",\"breadcrumb\":{\"@id\":\"https:\\\/\\\/awinvestment.eu\\\/en\\\/privacy-policy\\\/#breadcrumb\"},\"inLanguage\":\"en-US\",\"potentialAction\":[{\"@type\":\"ReadAction\",\"target\":[\"https:\\\/\\\/awinvestment.eu\\\/en\\\/privacy-policy\\\/\"]}]},{\"@type\":\"BreadcrumbList\",\"@id\":\"https:\\\/\\\/awinvestment.eu\\\/en\\\/privacy-policy\\\/#breadcrumb\",\"itemListElement\":[{\"@type\":\"ListItem\",\"position\":1,\"name\":\"Portada\",\"item\":\"https:\\\/\\\/awinvestment.eu\\\/en\\\/\"},{\"@type\":\"ListItem\",\"position\":2,\"name\":\"Privacy Policy\"}]},{\"@type\":\"WebSite\",\"@id\":\"https:\\\/\\\/awinvestment.eu\\\/en\\\/#website\",\"url\":\"https:\\\/\\\/awinvestment.eu\\\/en\\\/\",\"name\":\"AW Investment Boutique | M&A - Refinancing - Private Capital - Real Estate\",\"description\":\"Somos una firma l\u00edder en el asesoramiento de finanzas corporativas. Asesoramos en la compra-venta de compa\u00f1\u00edas de forma integral.\",\"publisher\":{\"@id\":\"https:\\\/\\\/awinvestment.eu\\\/en\\\/#organization\"},\"potentialAction\":[{\"@type\":\"SearchAction\",\"target\":{\"@type\":\"EntryPoint\",\"urlTemplate\":\"https:\\\/\\\/awinvestment.eu\\\/en\\\/?s={search_term_string}\"},\"query-input\":{\"@type\":\"PropertyValueSpecification\",\"valueRequired\":true,\"valueName\":\"search_term_string\"}}],\"inLanguage\":\"en-US\"},{\"@type\":\"Organization\",\"@id\":\"https:\\\/\\\/awinvestment.eu\\\/en\\\/#organization\",\"name\":\"AW Investment Boutique\",\"url\":\"https:\\\/\\\/awinvestment.eu\\\/en\\\/\",\"logo\":{\"@type\":\"ImageObject\",\"inLanguage\":\"en-US\",\"@id\":\"https:\\\/\\\/awinvestment.eu\\\/en\\\/#\\\/schema\\\/logo\\\/image\\\/\",\"url\":\"https:\\\/\\\/awinvestment.eu\\\/wp-content\\\/uploads\\\/2023\\\/12\\\/Logo-AW-2024.jpg\",\"contentUrl\":\"https:\\\/\\\/awinvestment.eu\\\/wp-content\\\/uploads\\\/2023\\\/12\\\/Logo-AW-2024.jpg\",\"width\":477,\"height\":162,\"caption\":\"AW Investment Boutique\"},\"image\":{\"@id\":\"https:\\\/\\\/awinvestment.eu\\\/en\\\/#\\\/schema\\\/logo\\\/image\\\/\"},\"sameAs\":[\"https:\\\/\\\/www.linkedin.com\\\/company\\\/aw-investment-advisory\"]}]}<\/script>\n<!-- \/ Yoast SEO plugin. -->","yoast_head_json":{"title":"Privacy Policy - Corporate Finance & Real Estate Investment","description":"Alvarez-Wilmanski,S.L., es el Responsable del tratamiento de los datos personales del Usuario y le informa que estos datos ser\u00e1n tratados de conformidad...","robots":{"index":"noindex","follow":"nofollow"},"og_locale":"en_US","og_type":"article","og_title":"Privacy Policy - Corporate Finance & Real Estate Investment","og_description":"Alvarez-Wilmanski,S.L., es el Responsable del tratamiento de los datos personales del Usuario y le informa que estos datos ser\u00e1n tratados de conformidad...","og_url":"https:\/\/awinvestment.eu\/en\/privacy-policy\/","og_site_name":"AW Investment Boutique | M&amp;A - Refinancing - Private Capital - Real Estate","article_modified_time":"2025-12-19T10:24:24+00:00","twitter_card":"summary_large_image","twitter_misc":{"Est. reading time":"4 minutes"},"schema":{"@context":"https:\/\/schema.org","@graph":[{"@type":"WebPage","@id":"https:\/\/awinvestment.eu\/en\/privacy-policy\/","url":"https:\/\/awinvestment.eu\/en\/privacy-policy\/","name":"Privacy Policy - Corporate Finance & Real Estate Investment","isPartOf":{"@id":"https:\/\/awinvestment.eu\/en\/#website"},"datePublished":"2019-12-02T18:19:47+00:00","dateModified":"2025-12-19T10:24:24+00:00","description":"Alvarez-Wilmanski,S.L., es el Responsable del tratamiento de los datos personales del Usuario y le informa que estos datos ser\u00e1n tratados de conformidad...","breadcrumb":{"@id":"https:\/\/awinvestment.eu\/en\/privacy-policy\/#breadcrumb"},"inLanguage":"en-US","potentialAction":[{"@type":"ReadAction","target":["https:\/\/awinvestment.eu\/en\/privacy-policy\/"]}]},{"@type":"BreadcrumbList","@id":"https:\/\/awinvestment.eu\/en\/privacy-policy\/#breadcrumb","itemListElement":[{"@type":"ListItem","position":1,"name":"Portada","item":"https:\/\/awinvestment.eu\/en\/"},{"@type":"ListItem","position":2,"name":"Privacy Policy"}]},{"@type":"WebSite","@id":"https:\/\/awinvestment.eu\/en\/#website","url":"https:\/\/awinvestment.eu\/en\/","name":"AW Investment Boutique | M&A - Refinancing - Private Capital - Real Estate","description":"Somos una firma l\u00edder en el asesoramiento de finanzas corporativas. Asesoramos en la compra-venta de compa\u00f1\u00edas de forma integral.","publisher":{"@id":"https:\/\/awinvestment.eu\/en\/#organization"},"potentialAction":[{"@type":"SearchAction","target":{"@type":"EntryPoint","urlTemplate":"https:\/\/awinvestment.eu\/en\/?s={search_term_string}"},"query-input":{"@type":"PropertyValueSpecification","valueRequired":true,"valueName":"search_term_string"}}],"inLanguage":"en-US"},{"@type":"Organization","@id":"https:\/\/awinvestment.eu\/en\/#organization","name":"AW Investment Boutique","url":"https:\/\/awinvestment.eu\/en\/","logo":{"@type":"ImageObject","inLanguage":"en-US","@id":"https:\/\/awinvestment.eu\/en\/#\/schema\/logo\/image\/","url":"https:\/\/awinvestment.eu\/wp-content\/uploads\/2023\/12\/Logo-AW-2024.jpg","contentUrl":"https:\/\/awinvestment.eu\/wp-content\/uploads\/2023\/12\/Logo-AW-2024.jpg","width":477,"height":162,"caption":"AW Investment Boutique"},"image":{"@id":"https:\/\/awinvestment.eu\/en\/#\/schema\/logo\/image\/"},"sameAs":["https:\/\/www.linkedin.com\/company\/aw-investment-advisory"]}]}},"_links":{"self":[{"href":"https:\/\/awinvestment.eu\/en\/wp-json\/wp\/v2\/pages\/239330","targetHints":{"allow":["GET"]}}],"collection":[{"href":"https:\/\/awinvestment.eu\/en\/wp-json\/wp\/v2\/pages"}],"about":[{"href":"https:\/\/awinvestment.eu\/en\/wp-json\/wp\/v2\/types\/page"}],"author":[{"embeddable":true,"href":"https:\/\/awinvestment.eu\/en\/wp-json\/wp\/v2\/users\/1"}],"replies":[{"embeddable":true,"href":"https:\/\/awinvestment.eu\/en\/wp-json\/wp\/v2\/comments?post=239330"}],"version-history":[{"count":4,"href":"https:\/\/awinvestment.eu\/en\/wp-json\/wp\/v2\/pages\/239330\/revisions"}],"predecessor-version":[{"id":240980,"href":"https:\/\/awinvestment.eu\/en\/wp-json\/wp\/v2\/pages\/239330\/revisions\/240980"}],"wp:attachment":[{"href":"https:\/\/awinvestment.eu\/en\/wp-json\/wp\/v2\/media?parent=239330"}],"curies":[{"name":"wp","href":"https:\/\/api.w.org\/{rel}","templated":true}]}}